{"id":50,"date":"2025-10-21T14:14:52","date_gmt":"2025-10-21T13:14:52","guid":{"rendered":"https:\/\/evr-elektro.de\/datenschutzerklaerung\/"},"modified":"2026-02-04T19:41:49","modified_gmt":"2026-02-04T18:41:49","slug":"datenschutzerklaerung","status":"publish","type":"page","link":"https:\/\/evr-elektro.de\/en\/datenschutzerklaerung\/","title":{"rendered":"Datenschutzerkl\u00e4rung"},"content":{"rendered":"<p class=\"p1\"><b>Bewerbung \/ Kontaktaufnahme \u00fcber PERSPECTIVE<\/b><\/p>\n<p class=\"p1\">BEREITSTELLUNG DES ONLINEANGEBOTES<\/p>\n<p class=\"p1\">F\u00fcr die Bereitstellung unseres Onlineangebotes (Funnels) setzen wir einen externen Dienstleister ein: Perspective Software GmbH, Mailbox 659770, D-96035 Bamberg (im Folgenden \u201ePerspective\u201c). Perspective selbst speichert deine Daten ausschlie\u00dflich auf europ\u00e4ischen Servern. Allerdings besteht die M\u00f6glichkeit, dass deine Daten f\u00fcr Einrichtungen in den Vereinigten Staaten von Amerika zug\u00e4nglich sind, da Perspective Unterverarbeiter mit Sitz in den USA einsetzt. Da die Kommission der Europ\u00e4ischen Union festgelegt hat, dass die Datenschutzgesetze der Vereinigten Staaten kein angemessenes Schutzniveau f\u00fcr personenbezogene Daten gew\u00e4hrleisten, die von betroffenen Personen in der Europ\u00e4ischen Union erhoben werden, bietet Perspective f\u00fcr die Daten\u00fcbermittlung in die Vereinigten Staaten zus\u00e4tzliche Ma\u00dfnahmen und Garantien gem\u00e4\u00df den Anforderungen der DSGVO, um ein angemessenes Schutzniveau zu gew\u00e4hrleisten. Beispielsweise durch den Abschluss von Standardvertragsklauseln zwischen Perspective und den Unterverarbeitern.<\/p>\n<p>Wir sind gem\u00e4\u00df Art. 26 DSGVO gemeinsame Verantwortliche f\u00fcr die Verarbeitung Ihrer personenbezogenen Daten:<\/p>\n<p class=\"p1\"><span class=\"s1\">EVR elektro<\/span><br \/>\n<span class=\"s1\">Inhaber des Unternehmens: Eugen Reznikov<\/span><br \/>\n<span class=\"s1\">Leonardo-da-Vinci-Allee 36a<\/span><br \/>\n<span class=\"s1\">60486 Frankfurt am Main<\/span><br \/>\n<span class=\"s1\">Deutschland<\/span><br \/>\n<span class=\"s1\">Email:\u00a0<a href=\"mailto:info@evr-elektro.de\">info@evr-elektro.de<\/a><\/span><\/p>\n<p class=\"p1\">I. Beschreibung und Umfang der Datenverarbeitung<\/p>\n<p class=\"p1\">Perspective verarbeitet f\u00fcr uns deine Daten, damit wir dir unsere Online-Dienste zur Verf\u00fcgung stellen k\u00f6nnen. Zu diesem Zweck wird Perspective deine IP-Adresse automatisch \u00fcbermittelt, um die Inhalte und Funktionen unserer Online-Dienste an deinen Browser oder dein Endger\u00e4t zu \u00fcbermitteln.<\/p>\n<p class=\"p1\">Folgende Daten k\u00f6nnen erhoben werden:<\/p>\n<p class=\"p1\">1. Informationen \u00fcber den Browsertyp und die verwendete Version<\/p>\n<p class=\"p1\">2. Das Betriebssystem deines Computers<\/p>\n<p class=\"p1\">3. Der Internet-Service-Provider den du nutzt<\/p>\n<p class=\"p1\">4. Die IP-Adresse deines Endger\u00e4ts<\/p>\n<p class=\"p1\">5. Datum und Uhrzeit deines Zugriffs auf den Funnel<\/p>\n<p class=\"p1\">6. Websites, von denen du auf unsere Internetseite kamst (\u201eReferrer\u201c)<\/p>\n<p class=\"p1\">II. Rechtsgrundlage f\u00fcr die Datenverarbeitung<\/p>\n<p class=\"p1\">Perspective speichert die unter I. genannten Daten in sog. Logfiles (Protokolldateien). Dies erfolgt zur Sicherstellung<\/p>\n<p class=\"p1\">\u2022 der Gew\u00e4hrleistung eines reibungslosen Verbindungsaufbaus der Website,<\/p>\n<p class=\"p1\">\u2022 der Gew\u00e4hrleistung einer komfortablen Nutzung unserer Website,<\/p>\n<p class=\"p1\">\u2022 der Auswertung der Systemsicherheit und -stabilit\u00e4t sowie<\/p>\n<p class=\"p1\">\u2022 zu weiteren administrativen Zwecken.<\/p>\n<p class=\"p1\">Die vor\u00fcbergehende Speicherung der IP-Adresse durch das System ist dar\u00fcber hinaus notwendig, um eine Auslieferung der Website an deinen Rechner zu erm\u00f6glichen. Hierf\u00fcr muss die IP-Adresse deines Computers f\u00fcr die Dauer der Sitzung gespeichert bleiben.<\/p>\n<p class=\"p1\">In diesen Zwecken liegt auch unser berechtigtes Interesse an der Datenverarbeitung. Rechtsgrundlage f\u00fcr die Datenverarbeitung ist damit Art. 6 Abs. 1 S. 1 lit. f DSGVO.<\/p>\n<p class=\"p1\">III. Dauer der Verarbeitung<\/p>\n<p class=\"p1\">Die von Perspective verarbeiteten personenbezogenen Daten werden gel\u00f6scht, sobald sie f\u00fcr die Erreichung des Zweckes ihrer Erhebung nicht mehr erforderlich sind:<\/p>\n<p class=\"p1\">\u2022 Im Falle der Erfassung der Daten zur Bereitstellung der Website ist dies der Fall, wenn die jeweilige Sitzung beendet ist.<\/p>\n<p class=\"p1\">\u2022 Im Falle der Speicherung der IP-Adresse in Logfiles ist dies nach sp\u00e4testens 7 Tagen der Fall.<\/p>\n<p class=\"p1\">IV. Betroffenenrechte<\/p>\n<p class=\"p1\">Du hast jederzeit das Recht unentgeltlich Auskunft \u00fcber Herkunft, Empf\u00e4nger und Zweck deiner gespeicherten personenbezogenen Daten zu erhalten. Du hast au\u00dferdem ein Recht, die Berichtigung, Sperrung oder L\u00f6schung dieser Daten zu verlangen. Hierzu sowie zu weiteren Fragen zum Thema Datenschutz kannst du dich jederzeit unter der im Impressum angegebenen Adresse an uns wenden. Des Weiteren steht dir bei Verst\u00f6\u00dfen gegen die DSGVO ein Beschwerderecht bei der zust\u00e4ndigen Aufsichtsbeh\u00f6rde zu.<\/p>\n<p class=\"p1\">Weil die Datenverarbeitung auf Grundlage von Art. 6 Abs. 1 S. 1 lit. f DSGVO erfolgt, hast du jederzeit das Recht, aus Gr\u00fcnden, die sich aus deiner besonderen Situation ergeben, gegen die Verarbeitung deiner personenbezogenen Daten Widerspruch einzulegen. Wenn du Widerspruch einlegst, werden wir deine betroffenen personenbezogenen Daten nicht mehr verarbeiten, es sei denn, wir k\u00f6nnen zwingende schutzw\u00fcrdige Gr\u00fcnde f\u00fcr die Verarbeitung nachweisen, die deine Interessen, Rechte und Freiheiten \u00fcberwiegen oder die Verarbeitung dient der Geltendmachung, Aus\u00fcbung oder Verteidigung von Rechtsanspr\u00fcchen (Widerspruch nach Art. 21 Abs. 1 DSGVO). Da die Erfassung der Daten zur Bereitstellung der Website und die Speicherung der Daten in Logfiles f\u00fcr den Betrieb unserer Internetseite zwingend erforderlich ist, d\u00fcrfte zumeist keine Widerspruchsm\u00f6glichkeit f\u00fcr dich bestehen.<\/p>\n<p class=\"p1\">Au\u00dferdem hast du das Recht, unter bestimmten Umst\u00e4nden die Einschr\u00e4nkung der Verarbeitung deiner personenbezogenen Daten zu verlangen. Das Recht auf Einschr\u00e4nkung der Verarbeitung besteht in folgenden F\u00e4llen:<\/p>\n<p class=\"p1\">\u2022 Wenn du die Richtigkeit deiner bei uns gespeicherten personenbezogenen Daten bestreitest, ben\u00f6tigen wir in der Regel Zeit, um dies zu \u00fcberpr\u00fcfen. F\u00fcr die Dauer der Pr\u00fcfung hast du das Recht, die Einschr\u00e4nkung der Verarbeitung deiner personenbezogenen Daten zu verlangen.<\/p>\n<p class=\"p1\">\u2022 Wenn die Verarbeitung deiner personenbezogenen Daten unrechtm\u00e4\u00dfig geschah \/ geschieht, kannst du statt der L\u00f6schung die Einschr\u00e4nkung der Datenverarbeitung verlangen.<\/p>\n<p class=\"p1\">\u2022 Wenn wir deine personenbezogenen Daten nicht mehr ben\u00f6tigen, du sie jedoch zur Aus\u00fcbung, Verteidigung oder Geltendmachung von Rechtsanspr\u00fcchen ben\u00f6tigst, hast du das Recht, statt der L\u00f6schung die Einschr\u00e4nkung der Verarbeitung deiner personenbezogenen Daten zu verlangen.<\/p>\n<p class=\"p1\">\u2022 Wenn du einen Widerspruch nach Art. 21 Abs. 1 DSGVO eingelegt hast, muss eine Abw\u00e4gung zwischen deinen und unseren Interessen vorgenommen werden. Solange noch nicht feststeht, wessen Interessen \u00fcberwiegen, hast du das Recht, die Einschr\u00e4nkung der Verarbeitung deiner personenbezogenen Daten zu verlangen.<\/p>\n<p class=\"p1\">Wenn du die Verarbeitung deiner personenbezogenen Daten eingeschr\u00e4nkt hast, d\u00fcrfen diese Daten \u2013 von ihrer Speicherung abgesehen \u2013 nur mit deiner Einwilligung oder zur Geltendmachung, Aus\u00fcbung oder Verteidigung von Rechtsanspr\u00fcchen oder zum Schutz der Rechte einer anderen nat\u00fcrlichen oder juristischen Person oder aus Gr\u00fcnden eines wichtigen \u00f6ffentlichen Interesses der Europ\u00e4ischen Union oder eines Mitgliedstaats verarbeitet werden.<\/p>\n<p class=\"p1\">KONTAKT- UND ANFRAGEVERWALTUNG<\/p>\n<p class=\"p1\">F\u00fcr die Bereitstellung von Kontakt-, Anfrage- oder Bewerbungsformularen setzen wir einen externen Dienstleister ein: Perspective Software GmbH, Mailbox 659770, D-96035 Bamberg (im Folgenden \u201ePerspective\u201c). Perspective selbst speichert deine Daten ausschlie\u00dflich auf europ\u00e4ischen Servern. Allerdings besteht die M\u00f6glichkeit, dass deine Daten f\u00fcr Einrichtungen in den Vereinigten Staaten von Amerika zug\u00e4nglich sind, weil Perspective Unterverarbeiter mit Sitz in den USA einsetzt. Da die Kommission der Europ\u00e4ischen Union festgelegt hat, dass die Datenschutzgesetze der Vereinigten Staaten kein angemessenes Schutzniveau f\u00fcr personenbezogene Daten gew\u00e4hrleisten, die von betroffenen Personen in der Europ\u00e4ischen Union erhoben werden, bietet Perspective f\u00fcr die Daten\u00fcbermittlung in die Vereinigten Staaten zus\u00e4tzliche Ma\u00dfnahmen und Garantien gem\u00e4\u00df den Anforderungen der DSGVO, um ein angemessenes Schutzniveau zu gew\u00e4hrleisten. Beispielsweise durch den Abschluss von Standardvertragsklauseln zwischen Perspective und den Unterverarbeitern.<\/p>\n<p class=\"p1\">I. Beschreibung und Umfang der Datenverarbeitung<\/p>\n<p class=\"p1\">Bei der Nutzung der Kontakt-, Anfrage- oder Bewerbungsformularen von Perspective werden folgende Daten an die Server von Perspective \u00fcbermittelt:<\/p>\n<p class=\"p1\">1. Datum und Uhrzeit des Zugriffs<\/p>\n<p class=\"p1\">2. Websites, von denen du auf unsere Internetseite kamst (\u201eReferrer\u201c)<\/p>\n<p class=\"p1\">3. Kontextinformationen (z.B. Buttonklicks auf den Seiten, getroffene Auswahlen auf den Seiten)<\/p>\n<p class=\"p1\">4. Inhalte aller ausgef\u00fcllten Textfelder (bspw. Kontaktdaten, wie dein Name oder deine Anschrift, oder andere personenbezogene Daten, abh\u00e4ngig von der im konkreten Textfeld abgebildeten Fragestellung)<\/p>\n<p class=\"p1\">5. Von dir hochgeladene Dateien<\/p>\n<p class=\"p1\">II. Zweck Rechtsgrundlage der Datenverarbeitung<\/p>\n<p class=\"p1\">Der Zweck dieser Datenverarbeitung ist es, die von dir aufgenommene Kommunikation zu gew\u00e4hrleisten.<\/p>\n<p class=\"p1\">Die Verarbeitung deiner Daten aus Kontakt- bzw. Anfrage- oder Bewerbungsformularen erfolgt somit zun\u00e4chst aufgrund deiner Einwilligung. Die Rechtsgrundlage ist Art. 6 Abs. 1 S. 1 lit. a DSGVO. Erfolgt \u00fcber ein Anfrageformular eine Vertragsanbahnung, ist Rechtsgrundlage zudem Art. 6 Abs. 1 S. 1 lit. b DSGVO. Rechtsgrundlage f\u00fcr die Verarbeitung der Daten in einem Bewerbungsformular kann neben Art. 6 Abs. 1 S. 1 lit. f DSGVO auch Art. 88 DSGVO i.V.m. 26 BDSG sein.<\/p>\n<p class=\"p1\">III. Dauer der Verarbeitung<\/p>\n<p class=\"p1\">Deine personenbezogenen Daten werden solange aufbewahrt, wie sie zur Erf\u00fcllung des Verarbeitungszwecks erforderlich sind, bzw. bis du deine Einwilligung widerrufst. Ausgenommen von diesem Grundsatz sind solche Daten, die Perspective aufgrund gesetzlicher Verpflichtungen aufbewahren muss. Dazu geh\u00f6ren z.B. die handels- und steuerrechtlichen Aufbewahrungspflichten. Diese Aufbewahrungsfristen betragen \u2013 derzeit \u2013 bis zu zehn Jahre<\/p>\n<p class=\"p1\">IV. Betroffenenrechte<\/p>\n<p class=\"p1\">Du hast jederzeit das Recht, unentgeltlich Auskunft \u00fcber Herkunft, Empf\u00e4nger und Zweck deiner gespeicherten personenbezogenen Daten zu erhalten. Du hast au\u00dferdem ein Recht, die Berichtigung, Sperrung oder L\u00f6schung dieser Daten zu verlangen. Hierzu sowie zu weiteren Fragen zum Thema Datenschutz kannst du dich jederzeit unter der im Impressum angegebenen Adresse an uns wenden. Des Weiteren steht dir bei Verst\u00f6\u00dfen gegen die DSGVO ein Beschwerderecht bei der zust\u00e4ndigen Aufsichtsbeh\u00f6rde zu.<\/p>\n<p class=\"p1\">Deine Einwilligung in die Datenverarbeitung kannst du jederzeit durch formlose Mitteilung an uns (etwa per E-Mail) widerrufen. Durch den Widerruf wird die Rechtm\u00e4\u00dfigkeit der aufgrund der Einwilligung bis zum Widerruf erfolgten Verarbeitung nicht ber\u00fchrt.<\/p>\n<p class=\"p1\">Au\u00dferdem hast du das Recht, unter bestimmten Umst\u00e4nden die Einschr\u00e4nkung der Verarbeitung deiner personenbezogenen Daten zu verlangen. Das Recht auf Einschr\u00e4nkung der Verarbeitung besteht in folgenden F\u00e4llen:<\/p>\n<p class=\"p1\">\u2022 Wenn du die Richtigkeit deiner bei uns gespeicherten personenbezogenen Daten bestreitest, ben\u00f6tigen wir in der Regel Zeit, um dies zu \u00fcberpr\u00fcfen. F\u00fcr die Dauer der Pr\u00fcfung hast du das Recht, die Einschr\u00e4nkung der Verarbeitung deiner personenbezogenen Daten zu verlangen.<\/p>\n<p class=\"p1\">\u2022 Wenn die Verarbeitung deiner personenbezogenen Daten unrechtm\u00e4\u00dfig geschah \/ geschieht, kannst du statt der L\u00f6schung die Einschr\u00e4nkung der Datenverarbeitung verlangen.<\/p>\n<p class=\"p1\">\u2022 Wenn wir deine personenbezogenen Daten nicht mehr ben\u00f6tigen, du sie jedoch zur Aus\u00fcbung, Verteidigung oder Geltendmachung von Rechtsanspr\u00fcchen ben\u00f6tigst, hast du das Recht, statt der L\u00f6schung die Einschr\u00e4nkung der Verarbeitung deiner personenbezogenen Daten zu verlangen.<\/p>\n<p class=\"p1\">\u2022 Wenn du einen Widerspruch nach Art. 21 Abs. 1 DSGVO eingelegt hast, muss eine Abw\u00e4gung zwischen deinen und unseren Interessen vorgenommen werden. Solange noch nicht feststeht, wessen Interessen \u00fcberwiegen, hast du das Recht, die Einschr\u00e4nkung der Verarbeitung deiner personenbezogenen Daten zu verlangen.<\/p>\n<p class=\"p1\">Wenn du die Verarbeitung deiner personenbezogenen Daten eingeschr\u00e4nkt hast, d\u00fcrfen diese Daten \u2013 von ihrer Speicherung abgesehen \u2013 nur mit deiner Einwilligung oder zur Geltendmachung, Aus\u00fcbung oder Verteidigung von Rechtsanspr\u00fcchen oder zum Schutz der Rechte einer anderen nat\u00fcrlichen oder juristischen Person oder aus Gr\u00fcnden eines wichtigen \u00f6ffentlichen Interesses der Europ\u00e4ischen Union oder eines Mitgliedstaats verarbeitet werden.<\/p>\n<p class=\"p1\"><b>DATENSCHUTZERKL\u00c4RUNG<br \/>\nBewerbung \/ Kontaktaufnahme \u00fcber Facebook\/Meta Leads (LeadForm)<\/b><\/p>\n<p class=\"p2\">Wir freuen uns \u00fcber Ihr Interesse an unserem Unternehmen. Gem\u00e4\u00df den Vorgaben der Art. 12ff. der Datenschutz-Grundverordnung (DSGVO) informieren wir Sie hiermit \u00fcber die Verarbeitung der von Ihnen im Rahmen des Bewerbungsprozesses \u00fcbermittelten sowie gegebenenfalls von uns erhobenen personenbezogenen Daten und Ihre diesbez\u00fcglichen Rechte. Wir sind gem\u00e4\u00df Art. 26 DSGVO gemeinsame Verantwortliche f\u00fcr die Verarbeitung Ihrer personenbezogenen Daten:<\/p>\n<p class=\"p2\"><span class=\"s1\">EVR elektro<\/span><br \/>\n<span class=\"s1\">Inhaber des Unternehmens: Eugen Reznikov<\/span><br \/>\n<span class=\"s1\">Leonardo-da-Vinci-Allee 36a<\/span><br \/>\n<span class=\"s1\">60486 Frankfurt am Main<\/span><br \/>\n<span class=\"s1\">Deutschland<\/span><br \/>\n<span class=\"s1\">Email:\u00a0<a href=\"mailto:info@evr-elektro.de\">info@evr-elektro.de<\/a><\/span><\/p>\n<p class=\"p2\">Ihre Betroffenenrechte k\u00f6nnen Sie direkt bei der EVR Elektro aus\u00fcben. S\u00e4mtliche Informationspflichten gem. Art 13 und 14 DSGVO erf\u00fcllt die EVR Elektro.<\/p>\n<p class=\"p2\">I. Zwecke und Rechtsgrundlagen dieser Verarbeitung<\/p>\n<p class=\"p2\">Wir verarbeiten Ihre personenbezogenen Daten unter Beachtung der EU Datenschutz-Grundverordnung (DSGVO. In erster Linie dient die Datenverarbeitung der Kontaktaufnahme zur Einleitung eines Bewerbungsverfahrens. Die Verarbeitung Ihrer Kontaktdaten erfolgt aufgrund Ihrer Einwilligung, zur Kontaktaufnahme f\u00fcr die Einleitung eines Bewerbungsverfahren. Die vorrangige Rechtsgrundlage hierf\u00fcr ist Art. 6 Abs 1 lit.a DSGVO. Ihre Kontaktdaten werden jederzeit vertraulich behandelt.<\/p>\n<p class=\"p2\">II. Kategorien personenbezogener Daten<\/p>\n<p class=\"p2\">Zu den verarbeiteten Kategorien personenbezogener Daten geh\u00f6ren insbesondere Ihre Stammdaten (Name, Telefonnummer, E-Mail-Adresse).<\/p>\n<p class=\"p2\">Ihre personenbezogenen Daten werden in aller Regel direkt bei Ihnen im Rahmen der Kontaktaufnahme \u00fcber die Lead Ads auf Facebook erhoben. Im Rahmen der Lead Ads stellen Sie diejenigen personenbezogenen Daten bereit, die f\u00fcr die Durchf\u00fchrung der Kontaktaufnahme erforderlich sind. Ohne diese Daten werden wir nicht in der Lage sein, mit Ihnen in Kontakt zu treten und eine Entscheidung \u00fcber die Einleitung eines Bewerbungsverfahrens zu treffen<\/p>\n<p class=\"p2\">III. Empf\u00e4nger der Daten<\/p>\n<p class=\"p2\">Innerhalb unseres Unternehmens erhalten nur die Personen und Stellen (z. B. Fachbereich) Ihre personenbezogenen Daten, die diese f\u00fcr die Entscheidung zur Kontaktaufnahme und zur Erf\u00fcllung unserer vor- \/vertraglichen und gesetzlichen Pflichten ben\u00f6tigen.<\/p>\n<p class=\"p2\">Da die Lead-Ad Kampagne \u00fcber Facebook erfolgt, weisen wir ausdr\u00fccklich auf die gemeinsame Verantwortlichkeit mit Facebook hin. Daher k\u00f6nnen wir nicht beurteilen, wer die Empf\u00e4nger auf dieser Seite sind. Hier m\u00f6chten wir ausdr\u00fccklich auf unsere Datenschutzerkl\u00e4rung unter dem folgenden Link hinweisen: <a href=\"https:\/\/evr-elektro.de\/en\/datenschutzerklaerung\/\"><span class=\"s2\">https:\/\/evr-elektro.de\/datenschutzerklaerung\/<\/span><\/a><\/p>\n<p class=\"p2\">Aufgrund der gemeinsamen Verantwortlichkeit mit Facebook weisen wir ausdr\u00fccklich auf den Datenschutzhinweise von Facebook: Facebook-Datenrichtlinie<\/p>\n<p class=\"p2\">IV. Dauer der Datenspeicherung<\/p>\n<p class=\"p2\">Die Speicherung Ihrer personenbezogenen Daten durch EVR Elektro erfolgt unter Einhaltung gesetzlicher Vorgaben hinsichtlich Aufbewahrungs- und Dokumentationspflichten. EVR Elektro speichert, in Erf\u00fcllung der gesetzlichen Vorschriften, Ihre im Rahmen Ihrer Bewerbung bekanntgegebenen personenbezogenen Daten \u00fcber die Beendigung Ihres Bewerbungsverfahrens hinaus f\u00fcr einen Zeitraum von bis zu 7 Monaten.<\/p>\n<p class=\"p2\">Da die Lead-Ad Kampagne \u00fcber Facebook erfolgt, weisen wir nochmals auf die gemeinsame Verantwortlichkeit mit dem Anbieter hin. Daher k\u00f6nnen wir nicht beurteilen, wie lange Ihre \u00fcbermittelten Daten dort gespeichert werden.<\/p>\n<p class=\"p2\">V. Automatische Entscheidungen im Einzelfall einschlie\u00dflich Profiling<\/p>\n<p class=\"p2\">Im Rahmen von Bewerbungsverfahren nutzen wir keine automatisierten Entscheidungen einschlie\u00dflich Profiling iSv Art. 22 DSGVO.<\/p>\n<p class=\"p2\">VI. Ihre Rechte<\/p>\n<p class=\"p2\">Gem\u00e4\u00df \u00a7\u00a7 26 ff Datenschutzgesetz 2000 (DSG) sowie Art. 14 ff. DSGVO haben Sie ein Recht auf Auskunft, Berichtigung, L\u00f6schung, Einschr\u00e4nkung der Verarbeitung und Daten\u00fcbertragbarkeit sowie ein Widerrufsrecht. Zudem k\u00f6nnen Sie Ihre Einwilligung jederzeit und ohne Grund widerrufen, um die Weiterverwendung Ihrer personenbezogenen Daten, die auf Grundlage einer Einwilligungserkl\u00e4rung erhoben und verwendet wurden, zu verhindern. Bei Fragen k\u00f6nnen Sie sich jederzeit an unseren Datenschutzbeauftragten unter <a href=\"mailto:info@evr-elektro.de\"><span class=\"s2\">info@evr-elektro.de<\/span><\/a><span class=\"Apple-converted-space\">\u00a0 <\/span>melden. Zudem steht Ihnen das Recht auf Beschwerdeerhebung bei der \u00f6sterreichischen Datenschutzbeh\u00f6rde offen. Weitere Informationen zum Datenschutz entnehmen Sie auf unserer Homepage unter <a href=\"https:\/\/evr-elektro.de\/en\/datenschutzerklaerung\/\"><span class=\"s2\">https:\/\/evr-elektro.de\/datenschutzerklaerung\/<\/span><\/a><\/p>\n<h1>Datenschutzerkl\u00e4rung<\/h1>\n<p><p>In dieser Datenschutzerkl\u00e4rung informieren wir Sie \u00fcber die Verarbeitung Ihrer personenbezogenen Daten.<\/p>\n<p> Sofern Sie Ihre Datenschutzeinstellungen \u00e4ndern m\u00f6chten (Einwilligungen erteilen oder bereits erteilte Einwilligungen widerrufen), klicken Sie <a target=\"_blank\" href=\"#\" class=\"sp-dsgvo-show-privacy-popup\">hier<\/a> um Ihre Einstellungen zu \u00e4ndern.<\/p>\n<h2>Verantwortlich<\/h2>\n<p>Eugen Reznikov, EVR elektro, Leonardo-da-Vinci-Allee 36a, 60486 Frankfurt am Main, Deutschland, <a href=\"mailto:info@evr-elektro.de\">info@evr-elektro.de<\/a>, <\/p>\n<h2>Hosting Provider<\/h2>\n<h3>1&amp;1 IONOS SE<\/h3>\n<p><p>Wir hosten unsere Website bei unserem Auftragsverarbeiter <a target=\"_blank\" href=\"https:\/\/www.ionos.at\/\">1&amp;1 IONOS<\/a>, 1&amp;1 IONOS SE, Elgendorfer Str. 57, 56410 Montabaur, Deutschland.<\/p>\n<p>Zum Zweck der Bereitstellung und der Auslieferung der Website werden Verbindungsdaten verarbeitet. Zum blo\u00dfen Zweck der Auslieferung und Bereitstellung der Website werden die Daten \u00fcber den Aufruf hinaus nicht gespeichert.<\/p>\n<p>Die Rechtsgrundlage f\u00fcr die Datenverarbeitung ist das berechtigte Interesse (unbedingte technische Notwendigkeit zur Bereitstellung und Auslieferung des von Ihnen durch Ihren Aufruf ausdr\u00fccklich gew\u00fcnschten Dienstes &#8222;Website&#8220;) gem\u00e4\u00df Art. 6 Abs. 1 lit. f DSGVO.<\/p>\n<p>Zum Betrieb der Website werden die Verbindungsdaten und weitere personenbezogenen Daten zus\u00e4tzlich im Rahmen diverser anderer Funktionen bzw. Dienste verarbeitet. Dar\u00fcber wird im Rahmen dieser Datenschutzerkl\u00e4rung bei den einzelnen Funktionen bzw. Diensten im Detail informiert.<\/p>\n<\/p>\n<h2>Kontaktformular<\/h2>\n<p><p>Auf unserer Website besteht die M\u00f6glichkeit, durch ein Kontaktformular direkt mit uns in Kontakt zu treten. Nach Absenden des Kontaktformulars erfolgt eine Verarbeitung der von Ihnen eingegebenen personenbezogenen Daten durch den Verantwortlichen zum Zweck der Bearbeitung Ihrer Anfrage auf Grundlage der von Ihnen durch das Absenden des Formulars erteilten Einwilligung gem. Art. 6 Abs. 1 lit. a DSGVO bis auf Widerruf.<br \/>Es besteht keine gesetzliche oder vertragliche Verpflichtung zur Bereitstellung der personenbezogenen Daten. Die Nichtbereitstellung hat lediglich zur Folge, dass Sie Ihr Anliegen nicht \u00fcbermitteln und wir dieses nicht bearbeiten k\u00f6nnen.<\/p>\n<\/p>\n<h2>Bewerbungsformular<\/h2>\n<p><p>Wir bieten Ihnen auf unserer Website die M\u00f6glichkeit, Ihre Bewerbung online einzureichen. Zum Zweck der Bearbeitung Ihrer Bewerbung verarbeiten wir Ihre im Rahmen des Bewerbungsformulars angef\u00fchrten personenbezogenen Daten auf Grundlage eines vorvertraglichen Verh\u00e4ltnisses gem. Art. 6 Abs. 1 lit. b DSGVO bis auf Widerruf bzw. l\u00e4ngstens jedoch f\u00fcr die Dauer von 6 Monaten nach Abschluss des Bewerbungsverfahrens.<\/p>\n<p>Sollten Sie eine Evidenzhaltung Ihrer \u00fcbermittelten Unterlagen ausdr\u00fccklich w\u00fcnschen, erfolgt die Aufbewahrung Ihrer Unterlagen f\u00fcr die Dauer von maximal 18 Monaten auf der Rechtsgrundlage Ihrer Einwilligung gem. Art. 6 Abs. 1 lit. a DSGVO. <\/p>\n<p>Es besteht keine gesetzliche oder vertragliche Verpflichtung zur Bereitstellung der personenbezogenen Daten. Die Nichtbereitstellung hat lediglich zur Folge, dass wir Ihre Bewerbung nicht bearbeiten k\u00f6nnen. <\/p>\n<p>Eine Weitergabe Ihrer Bewerberdaten an Dritte erfolgt nicht.<\/p>\n<\/p>\n<h2>Widerspruchsrecht<\/h2>\n<p><p>Sofern die Verarbeitung Ihrer personenbezogenen Daten auf Grundlage des berechtigten Interesses erfolgt, haben Sie das Recht gegen diese Verarbeitung zu widersprechen.<\/p>\n<p>Sofern keine zwingenden schutzw\u00fcrdigen Gr\u00fcnde f\u00fcr die Verarbeitung unsererseits vorliegen, wird die Verarbeitung Ihrer Daten auf Basis dieser Rechtsgrundlage eingestellt.<\/p>\n<p>Zudem haben Sie das Recht, der Verarbeitung Ihrer personenbezogenen Daten zum Zweck der Direktwerbung zu widersprechen. Im Fall des Widerspruchs werden Ihre personenbezogenen Daten nicht mehr zum Zweck der Direktwerbung verarbeitet.<\/p>\n<p>Die Rechtm\u00e4\u00dfigkeit der bis zum Widerspruch verarbeiteten Daten wird durch den Widerspruch nicht ber\u00fchrt.<\/p>\n<\/p>\n<h2>Widerrufsrecht<\/h2>\n<p><p>Sie haben das Recht eine bereits erteilte Einwilligung jederzeit zu widerrufen, indem Sie die <a target=\"_blank\" class=\"lwb-ppsp\" href=\"#\" title=\"Datenschutzeinstellungen\">Datenschutzeinstellungen<\/a> \u00e4ndern.<\/p>\n<p>Im Fall der Einwilligung in den Erhalt elektronischer Werbung kann der Widerruf Ihrer Einwilligung durch Klick auf den Abmeldelink erfolgen. In diesem Fall wird eine Verarbeitung, sofern keine andere Rechtsgrundlage besteht, eingestellt.<\/p>\n<p>Die Rechtm\u00e4\u00dfigkeit der bis zum Widerruf verarbeiteten Daten wird durch den Widerruf nicht ber\u00fchrt.<\/p>\n<\/p>\n<h2>Betroffenenrechte<\/h2>\n<p><p>Sie haben zudem das Recht auf Auskunft, Berichtigung, L\u00f6schung und Einschr\u00e4nkung der Verarbeitung der personenbezogenen Daten.<\/p>\n<p>Soweit die Rechtsgrundlage der Verarbeitung Ihrer personenbezogenen Daten in Ihrer Einwilligung oder in einem mit Ihnen abgeschlossenen Vertrag besteht, haben Sie \u00fcberdies das Recht auf Daten\u00fcbertragbarkeit. <\/p>\n<p>Weiters haben Sie das Recht auf Beschwerde bei der Aufsichtsbeh\u00f6rde. N\u00e4here Informationen zu den Aufsichtsbeh\u00f6rden in der Europ\u00e4ischen Union finden Sie <a target=\"_blank\" href=\"https:\/\/ec.europa.eu\/justice\/article-29\/structure\/data-protection-authorities\/index_en.htm\" title=\"Datenschutzbeh\u00f6rden\">hier<\/a>.<\/p><\/p>\n\n  \r\n                <div class=\"sp-dsgvo sp-unsubsribe-form\">\r\n            <form method=\"post\" action=\"https:\/\/evr-elektro.de\/wp-admin\/admin-ajax.php?action=super-unsubscribe\" >\r\n                <input type=\"hidden\" id=\"_wpnonce\" name=\"_wpnonce\" value=\"8781ed8e20\" \/><input type=\"hidden\" name=\"_wp_http_referer\" value=\"\/en\/wp-json\/wp\/v2\/pages\/50\" \/>                <fieldset>\r\n                    <div class=\"lwb-row\">\r\n                        <div class=\"lwb-col-3\">\r\n                            <label style=\"min-width:100px;\" for=\"email-field\">Vorname<\/label>\r\n                        <\/div>\r\n                        <div class=\"lwb-col-6\">\r\n                            <input class=\"w-100\" required type=\"text\" id=\"first-name-field\" name=\"first_name\" value=\"\" placeholder=\"Vorname\" spellcheck=\"false\" \/>\r\n                        <\/div>\r\n\r\n\r\n                    <\/div>\r\n                    <div class=\"lwb-row\">\r\n                        <div class=\"lwb-col-3\">\r\n                            <label for=\"email-field\">Nachname<\/label>\r\n                        <\/div>\r\n                        <div class=\"lwb-col-6\">\r\n                            <input class=\"w-100\" required type=\"text\" id=\"last-name-field\" name=\"last_name\" value=\"\" placeholder=\"Nachname\" spellcheck=\"false\" \/>\r\n                        <\/div>\r\n                    <\/div>\r\n\r\n\t\t\t\t\t<div class=\"lwb-row\">\r\n                        <div class=\"lwb-col-3\">\r\n                            <label for=\"email-field\">Email<\/label>\r\n                        <\/div>\r\n\t\t\t\t\t\t<div class=\"lwb-col-6\">\r\n                   \t\t\t <input class=\"w-100\" required type=\"email\" id=\"email-field\" name=\"email\" value=\"\" placeholder=\"Email\" spellcheck=\"false\" \/>\r\n\t\t\t\t\t\t<\/div>\r\n                    <\/div>\r\n                    <div class=\"lwb-row form-row-website-cap\">\r\n                        <div class=\"lwb-col-3\">\r\n                            <label for=\"email-field\">Webseite<\/label>\r\n                        <\/div>\r\n                        <div class=\"lwb-col-6\">\r\n                            <input class=\"w-100\" type=\"text\" id=\"website\" name=\"website\" value=\"\" placeholder=\"\" spellcheck=\"false\" \/>\r\n                        <\/div>\r\n                    <\/div>\r\n                    <div class=\"lwb-row\">\r\n\t\t\t\t\t\t<div class=\"lwb-col\">\r\n                    \t\t<label for=\"dsgvo-checkbox\">\r\n                   \t\t\t \t<input required type=\"checkbox\" id=\"dsgvo-checkbox\" name=\"dsgvo_checkbox\" value=\"1\" \/>\r\n                                                   \t\t\t \t<span style=\"font-weight:normal\">Ich stimme der Speicherung der Daten zur Verarbeitung im Sinne der DSGVO zu.<\/span>\r\n                   \t\t\t <\/label>\r\n\t\t\t\t\t\t<\/div>\r\n                    <\/div>\r\n                    <br>\r\n                    <input type=\"submit\" value=\"L\u00f6schanfrage senden\" \/>\r\n                <\/fieldset>\r\n            <\/form>\r\n        <\/div>","protected":false},"excerpt":{"rendered":"<p>Bewerbung \/ Kontaktaufnahme \u00fcber PERSPECTIVE BEREITSTELLUNG DES ONLINEANGEBOTES F\u00fcr die Bereitstellung unseres Onlineangebotes (Funnels) setzen wir einen externen Dienstleister ein: Perspective Software GmbH, Mailbox 659770, D-96035 Bamberg (im Folgenden \u201ePerspective\u201c). Perspective selbst speichert deine Daten ausschlie\u00dflich auf europ\u00e4ischen Servern. Allerdings besteht die M\u00f6glichkeit, dass deine Daten f\u00fcr Einrichtungen in den Vereinigten Staaten von Amerika zug\u00e4nglich [&hellip;]<\/p>\n","protected":false},"author":1,"featured_media":0,"parent":0,"menu_order":0,"comment_status":"closed","ping_status":"closed","template":"","meta":{"_uag_custom_page_level_css":"","site-sidebar-layout":"default","site-content-layout":"","ast-site-content-layout":"default","site-content-style":"default","site-sidebar-style":"default","ast-global-header-display":"","ast-banner-title-visibility":"","ast-main-header-display":"","ast-hfb-above-header-display":"","ast-hfb-below-header-display":"","ast-hfb-mobile-header-display":"","site-post-title":"","ast-breadcrumbs-content":"","ast-featured-img":"","footer-sml-layout":"","ast-disable-related-posts":"","theme-transparent-header-meta":"","adv-header-id-meta":"","stick-header-meta":"","header-above-stick-meta":"","header-main-stick-meta":"","header-below-stick-meta":"","astra-migrate-meta-layouts":"set","ast-page-background-enabled":"default","ast-page-background-meta":{"desktop":{"background-color":"","background-image":"","background-repeat":"repeat","background-position":"center center","background-size":"auto","background-attachment":"scroll","background-type":"","background-media":"","overlay-type":"","overlay-color":"","overlay-opacity":"","overlay-gradient":""},"tablet":{"background-color":"","background-image":"","background-repeat":"repeat","background-position":"center center","background-size":"auto","background-attachment":"scroll","background-type":"","background-media":"","overlay-type":"","overlay-color":"","overlay-opacity":"","overlay-gradient":""},"mobile":{"background-color":"","background-image":"","background-repeat":"repeat","background-position":"center center","background-size":"auto","background-attachment":"scroll","background-type":"","background-media":"","overlay-type":"","overlay-color":"","overlay-opacity":"","overlay-gradient":""}},"ast-content-background-meta":{"desktop":{"background-color":"var(--ast-global-color-5)","background-image":"","background-repeat":"repeat","background-position":"center center","background-size":"auto","background-attachment":"scroll","background-type":"","background-media":"","overlay-type":"","overlay-color":"","overlay-opacity":"","overlay-gradient":""},"tablet":{"background-color":"var(--ast-global-color-5)","background-image":"","background-repeat":"repeat","background-position":"center center","background-size":"auto","background-attachment":"scroll","background-type":"","background-media":"","overlay-type":"","overlay-color":"","overlay-opacity":"","overlay-gradient":""},"mobile":{"background-color":"var(--ast-global-color-5)","background-image":"","background-repeat":"repeat","background-position":"center center","background-size":"auto","background-attachment":"scroll","background-type":"","background-media":"","overlay-type":"","overlay-color":"","overlay-opacity":"","overlay-gradient":""}},"footnotes":""},"class_list":["post-50","page","type-page","status-publish","hentry"],"uagb_featured_image_src":{"full":false,"thumbnail":false,"medium":false,"medium_large":false,"large":false,"1536x1536":false,"2048x2048":false,"trp-custom-language-flag":false},"uagb_author_info":{"display_name":"admin","author_link":"https:\/\/evr-elektro.de\/en\/author\/admin\/"},"uagb_comment_info":0,"uagb_excerpt":"Bewerbung \/ Kontaktaufnahme \u00fcber PERSPECTIVE BEREITSTELLUNG DES ONLINEANGEBOTES F\u00fcr die Bereitstellung unseres Onlineangebotes (Funnels) setzen wir einen externen Dienstleister ein: Perspective Software GmbH, Mailbox 659770, D-96035 Bamberg (im Folgenden \u201ePerspective\u201c). Perspective selbst speichert deine Daten ausschlie\u00dflich auf europ\u00e4ischen Servern. Allerdings besteht die M\u00f6glichkeit, dass deine Daten f\u00fcr Einrichtungen in den Vereinigten Staaten von Amerika zug\u00e4nglich&hellip;","_links":{"self":[{"href":"https:\/\/evr-elektro.de\/en\/wp-json\/wp\/v2\/pages\/50","targetHints":{"allow":["GET"]}}],"collection":[{"href":"https:\/\/evr-elektro.de\/en\/wp-json\/wp\/v2\/pages"}],"about":[{"href":"https:\/\/evr-elektro.de\/en\/wp-json\/wp\/v2\/types\/page"}],"author":[{"embeddable":true,"href":"https:\/\/evr-elektro.de\/en\/wp-json\/wp\/v2\/users\/1"}],"replies":[{"embeddable":true,"href":"https:\/\/evr-elektro.de\/en\/wp-json\/wp\/v2\/comments?post=50"}],"version-history":[{"count":4,"href":"https:\/\/evr-elektro.de\/en\/wp-json\/wp\/v2\/pages\/50\/revisions"}],"predecessor-version":[{"id":1718,"href":"https:\/\/evr-elektro.de\/en\/wp-json\/wp\/v2\/pages\/50\/revisions\/1718"}],"wp:attachment":[{"href":"https:\/\/evr-elektro.de\/en\/wp-json\/wp\/v2\/media?parent=50"}],"curies":[{"name":"wp","href":"https:\/\/api.w.org\/{rel}","templated":true}]}}